{"id":21,"date":"2022-02-04T18:10:06","date_gmt":"2022-02-04T18:10:06","guid":{"rendered":"https:\/\/ademgi.org\/?page_id=21"},"modified":"2025-07-07T18:56:52","modified_gmt":"2025-07-07T18:56:52","slug":"nuestro-equipo","status":"publish","type":"page","link":"https:\/\/ademgi.org\/?page_id=21","title":{"rendered":"Nuestro equipo"},"content":{"rendered":"\n<p><strong>La junta directiva<\/strong><\/p>\n\n\n\n<figure class=\"wp-block-image size-large is-resized\"><img loading=\"lazy\" decoding=\"async\" width=\"1024\" height=\"771\" src=\"https:\/\/ademgi.org\/wp-content\/uploads\/2024\/07\/WhatsApp-Image-2024-07-14-at-16.20.45-1024x771.jpeg\" alt=\"\" class=\"wp-image-543\" style=\"width:556px;height:auto\" srcset=\"https:\/\/ademgi.org\/wp-content\/uploads\/2024\/07\/WhatsApp-Image-2024-07-14-at-16.20.45-1024x771.jpeg 1024w, https:\/\/ademgi.org\/wp-content\/uploads\/2024\/07\/WhatsApp-Image-2024-07-14-at-16.20.45-300x226.jpeg 300w, https:\/\/ademgi.org\/wp-content\/uploads\/2024\/07\/WhatsApp-Image-2024-07-14-at-16.20.45-768x578.jpeg 768w, https:\/\/ademgi.org\/wp-content\/uploads\/2024\/07\/WhatsApp-Image-2024-07-14-at-16.20.45-1536x1157.jpeg 1536w, https:\/\/ademgi.org\/wp-content\/uploads\/2024\/07\/WhatsApp-Image-2024-07-14-at-16.20.45.jpeg 2040w\" sizes=\"auto, (max-width: 1024px) 100vw, 1024px\" \/><\/figure>\n\n\n\n<p><strong>Presidenta: <\/strong>M\u00aa Luisa Ustarroz<strong><\/strong><\/p>\n\n\n\n<p><strong>Vicepresidente 1\u00ba: <\/strong>Juan Antonio Unzurrunzaga<strong><\/strong><\/p>\n\n\n\n<p><strong>Vicepresidenta 2\u00aa: <\/strong>M\u00aa Jos\u00e9 Urkia<strong><\/strong><\/p>\n\n\n\n<p><strong>Tesorero: <\/strong>Alberto P\u00e9rez<\/p>\n\n\n\n<p><strong>Secretaria: <\/strong>Rosa Oviedo<strong><\/strong><\/p>\n\n\n\n<p><strong>Vocales: <\/strong>Eva Villar\u00f3n, Imelda Iturbe, Jos\u00e9 Luis Calvo, Jos\u00e9 Manuel Gonz\u00e1lez, M\u00aa Luz Lamiquiz e I\u00f1aki Lapazar\u00e1n<\/p>\n\n\n\n<p><strong>Recursos humanos<\/strong><\/p>\n\n\n\n<figure class=\"wp-block-image size-large is-resized\"><img loading=\"lazy\" decoding=\"async\" width=\"1024\" height=\"683\" src=\"https:\/\/ademgi.org\/wp-content\/uploads\/2022\/02\/zurine_72-1024x683.jpg\" alt=\"\" class=\"wp-image-172\" style=\"width:512px;height:342px\" srcset=\"https:\/\/ademgi.org\/wp-content\/uploads\/2022\/02\/zurine_72-1024x683.jpg 1024w, https:\/\/ademgi.org\/wp-content\/uploads\/2022\/02\/zurine_72-300x200.jpg 300w, https:\/\/ademgi.org\/wp-content\/uploads\/2022\/02\/zurine_72-768x512.jpg 768w, https:\/\/ademgi.org\/wp-content\/uploads\/2022\/02\/zurine_72-1536x1024.jpg 1536w, https:\/\/ademgi.org\/wp-content\/uploads\/2022\/02\/zurine_72.jpg 1816w\" sizes=\"auto, (max-width: 1024px) 100vw, 1024px\" \/><\/figure>\n\n\n\n<p>Zuri\u00f1e L\u00f3pez, responsable de comunicaci\u00f3n<\/p>\n\n\n\n<figure class=\"wp-block-image size-large is-resized\"><img loading=\"lazy\" decoding=\"async\" width=\"1024\" height=\"683\" src=\"https:\/\/ademgi.org\/wp-content\/uploads\/2022\/02\/idoia_72-1024x683.jpg\" alt=\"\" class=\"wp-image-173\" style=\"width:512px;height:342px\" srcset=\"https:\/\/ademgi.org\/wp-content\/uploads\/2022\/02\/idoia_72-1024x683.jpg 1024w, https:\/\/ademgi.org\/wp-content\/uploads\/2022\/02\/idoia_72-300x200.jpg 300w, https:\/\/ademgi.org\/wp-content\/uploads\/2022\/02\/idoia_72-768x512.jpg 768w, https:\/\/ademgi.org\/wp-content\/uploads\/2022\/02\/idoia_72-1536x1024.jpg 1536w, https:\/\/ademgi.org\/wp-content\/uploads\/2022\/02\/idoia_72.jpg 1794w\" sizes=\"auto, (max-width: 1024px) 100vw, 1024px\" \/><\/figure>\n\n\n\n<p>Idoia Fern\u00e1ndez, psic\u00f3loga y responsable del Centro de Rehabilitaci\u00f3n<\/p>\n\n\n\n<figure class=\"wp-block-image size-large is-resized\"><img loading=\"lazy\" decoding=\"async\" width=\"1024\" height=\"683\" src=\"https:\/\/ademgi.org\/wp-content\/uploads\/2022\/02\/4_72-1-1024x683.jpg\" alt=\"\" class=\"wp-image-174\" style=\"width:512px;height:342px\" srcset=\"https:\/\/ademgi.org\/wp-content\/uploads\/2022\/02\/4_72-1-1024x683.jpg 1024w, https:\/\/ademgi.org\/wp-content\/uploads\/2022\/02\/4_72-1-300x200.jpg 300w, https:\/\/ademgi.org\/wp-content\/uploads\/2022\/02\/4_72-1-768x512.jpg 768w, https:\/\/ademgi.org\/wp-content\/uploads\/2022\/02\/4_72-1-1536x1024.jpg 1536w, https:\/\/ademgi.org\/wp-content\/uploads\/2022\/02\/4_72-1.jpg 1981w\" sizes=\"auto, (max-width: 1024px) 100vw, 1024px\" \/><\/figure>\n\n\n\n<p>Ainhoa P\u00e9rez, logopeda<\/p>\n\n\n\n<figure class=\"wp-block-image size-large is-resized\"><img loading=\"lazy\" decoding=\"async\" width=\"1024\" height=\"683\" src=\"https:\/\/ademgi.org\/wp-content\/uploads\/2025\/06\/7-1-1024x683.jpg\" alt=\"\" class=\"wp-image-557\" style=\"width:512px;height:342px\" srcset=\"https:\/\/ademgi.org\/wp-content\/uploads\/2025\/06\/7-1-1024x683.jpg 1024w, https:\/\/ademgi.org\/wp-content\/uploads\/2025\/06\/7-1-300x200.jpg 300w, https:\/\/ademgi.org\/wp-content\/uploads\/2025\/06\/7-1-768x512.jpg 768w, https:\/\/ademgi.org\/wp-content\/uploads\/2025\/06\/7-1-1536x1024.jpg 1536w, https:\/\/ademgi.org\/wp-content\/uploads\/2025\/06\/7-1-2048x1365.jpg 2048w\" sizes=\"auto, (max-width: 1024px) 100vw, 1024px\" \/><\/figure>\n\n\n\n<p>Leire Alba, fisioterapeuta<\/p>\n\n\n\n<figure class=\"wp-block-image size-large is-resized\"><img loading=\"lazy\" decoding=\"async\" width=\"1024\" height=\"682\" src=\"https:\/\/ademgi.org\/wp-content\/uploads\/2022\/02\/5-1024x682.jpg\" alt=\"\" class=\"wp-image-177\" style=\"width:512px;height:341px\" srcset=\"https:\/\/ademgi.org\/wp-content\/uploads\/2022\/02\/5-1024x682.jpg 1024w, https:\/\/ademgi.org\/wp-content\/uploads\/2022\/02\/5-300x200.jpg 300w, https:\/\/ademgi.org\/wp-content\/uploads\/2022\/02\/5-768x511.jpg 768w, https:\/\/ademgi.org\/wp-content\/uploads\/2022\/02\/5-1536x1022.jpg 1536w, https:\/\/ademgi.org\/wp-content\/uploads\/2022\/02\/5-2048x1363.jpg 2048w\" sizes=\"auto, (max-width: 1024px) 100vw, 1024px\" \/><\/figure>\n\n\n\n<p>Gema Rodr\u00edguez, trabajadora social<\/p>\n\n\n\n<figure class=\"wp-block-image size-large is-resized\"><img loading=\"lazy\" decoding=\"async\" width=\"682\" height=\"1024\" src=\"https:\/\/ademgi.org\/wp-content\/uploads\/2022\/02\/gero-682x1024.jpg\" alt=\"\" class=\"wp-image-178\" style=\"width:341px;height:512px\" srcset=\"https:\/\/ademgi.org\/wp-content\/uploads\/2022\/02\/gero-682x1024.jpg 682w, https:\/\/ademgi.org\/wp-content\/uploads\/2022\/02\/gero-200x300.jpg 200w, https:\/\/ademgi.org\/wp-content\/uploads\/2022\/02\/gero-768x1154.jpg 768w, https:\/\/ademgi.org\/wp-content\/uploads\/2022\/02\/gero-1022x1536.jpg 1022w, https:\/\/ademgi.org\/wp-content\/uploads\/2022\/02\/gero-1363x2048.jpg 1363w, https:\/\/ademgi.org\/wp-content\/uploads\/2022\/02\/gero-scaled.jpg 1704w\" sizes=\"auto, (max-width: 682px) 100vw, 682px\" \/><\/figure>\n\n\n\n<p>Jero Casanova, recepci\u00f3n<\/p>\n\n\n\n<figure class=\"wp-block-image size-large is-resized\"><img loading=\"lazy\" decoding=\"async\" width=\"1024\" height=\"682\" src=\"https:\/\/ademgi.org\/wp-content\/uploads\/2022\/02\/6-1024x682.jpg\" alt=\"\" class=\"wp-image-179\" style=\"width:512px;height:341px\" srcset=\"https:\/\/ademgi.org\/wp-content\/uploads\/2022\/02\/6-1024x682.jpg 1024w, https:\/\/ademgi.org\/wp-content\/uploads\/2022\/02\/6-300x200.jpg 300w, https:\/\/ademgi.org\/wp-content\/uploads\/2022\/02\/6-768x512.jpg 768w, https:\/\/ademgi.org\/wp-content\/uploads\/2022\/02\/6-1536x1024.jpg 1536w, https:\/\/ademgi.org\/wp-content\/uploads\/2022\/02\/6-2048x1365.jpg 2048w\" sizes=\"auto, (max-width: 1024px) 100vw, 1024px\" \/><\/figure>\n\n\n\n<p>M\u00f3nica Fern\u00e1ndez, dinamizadora social<\/p>\n\n\n\n<p><\/p>\n","protected":false},"excerpt":{"rendered":"<p>La junta directiva Presidenta: M\u00aa Luisa Ustarroz Vicepresidente 1\u00ba: Juan Antonio Unzurrunzaga Vicepresidenta 2\u00aa: M\u00aa Jos\u00e9 Urkia Tesorero: Alberto P\u00e9rez Secretaria: Rosa Oviedo Vocales: Eva Villar\u00f3n, Imelda Iturbe, Jos\u00e9 Luis Calvo, Jos\u00e9 Manuel Gonz\u00e1lez, M\u00aa Luz Lamiquiz e I\u00f1aki Lapazar\u00e1n Recursos humanos Zuri\u00f1e L\u00f3pez, responsable de comunicaci\u00f3n Idoia Fern\u00e1ndez, psic\u00f3loga y responsable del Centro de &hellip;<\/p>\n","protected":false},"author":2,"featured_media":0,"parent":0,"menu_order":0,"comment_status":"closed","ping_status":"closed","template":"","meta":{"footnotes":""},"class_list":["post-21","page","type-page","status-publish","hentry","no-thumb"],"_links":{"self":[{"href":"https:\/\/ademgi.org\/index.php?rest_route=\/wp\/v2\/pages\/21","targetHints":{"allow":["GET"]}}],"collection":[{"href":"https:\/\/ademgi.org\/index.php?rest_route=\/wp\/v2\/pages"}],"about":[{"href":"https:\/\/ademgi.org\/index.php?rest_route=\/wp\/v2\/types\/page"}],"author":[{"embeddable":true,"href":"https:\/\/ademgi.org\/index.php?rest_route=\/wp\/v2\/users\/2"}],"replies":[{"embeddable":true,"href":"https:\/\/ademgi.org\/index.php?rest_route=%2Fwp%2Fv2%2Fcomments&post=21"}],"version-history":[{"count":12,"href":"https:\/\/ademgi.org\/index.php?rest_route=\/wp\/v2\/pages\/21\/revisions"}],"predecessor-version":[{"id":586,"href":"https:\/\/ademgi.org\/index.php?rest_route=\/wp\/v2\/pages\/21\/revisions\/586"}],"wp:attachment":[{"href":"https:\/\/ademgi.org\/index.php?rest_route=%2Fwp%2Fv2%2Fmedia&parent=21"}],"curies":[{"name":"wp","href":"https:\/\/api.w.org\/{rel}","templated":true}]}}